    {"id":79,"date":"2024-04-17T10:38:59","date_gmt":"2024-04-17T13:38:59","guid":{"rendered":"http:\/\/localhost\/site\/?page_id=79"},"modified":"2026-04-29T09:54:40","modified_gmt":"2026-04-29T12:54:40","slug":"home","status":"publish","type":"page","link":"https:\/\/esafaz.sefaz.pe.gov.br\/","title":{"rendered":"In\u00edcio"},"content":{"rendered":"<div id=\"slider_69f5b51ceaac4\" class=\"slider_instance\" style=\"position: relative;\" data-options=\"{&quot;id&quot;:4,&quot;name&quot;:&quot;slider 4&quot;,&quot;instanceName&quot;:&quot;carrossel1&quot;,&quot;date&quot;:&quot;2024-04-26 16:14:01&quot;,&quot;status&quot;:&quot;published&quot;,&quot;layerWidth&quot;:&quot;100%&quot;,&quot;layerHeight&quot;:&quot;100%&quot;,&quot;shadow&quot;:&quot;off&quot;,&quot;mode&quot;:&quot;webgl&quot;,&quot;initialSlide&quot;:0,&quot;grabCursor&quot;:true,&quot;stopOnLastSlide&quot;:false,&quot;showSlidesRandomOrder&quot;:false,&quot;preloadFirstSlide&quot;:false,&quot;width&quot;:2000,&quot;height&quot;:550,&quot;responsive&quot;:false,&quot;ratio&quot;:1,&quot;forceResponsive&quot;:true,&quot;fullscreen&quot;:false,&quot;layerStarOnTransitionStart&quot;:false,&quot;autoplay&quot;:{&quot;enable&quot;:false,&quot;delay&quot;:1000,&quot;progress&quot;:false,&quot;pauseOnHover&quot;:false,&quot;reverseDirection&quot;:false},&quot;buttons&quot;:{&quot;pauseVisible&quot;:false,&quot;muteVisible&quot;:false},&quot;resetVideos&quot;:false,&quot;videoAutoplay&quot;:true,&quot;navigation&quot;:{&quot;enable&quot;:false,&quot;style&quot;:&quot;effect6&quot;},&quot;keyboard&quot;:{&quot;enable&quot;:true},&quot;wheelNavigation&quot;:{&quot;enable&quot;:false,&quot;stopOnLast&quot;:false,&quot;interval&quot;:1000},&quot;pagination&quot;:{&quot;enable&quot;:false,&quot;style&quot;:&quot;effect1&quot;,&quot;clickable&quot;:true,&quot;dynamicBullets&quot;:false},&quot;thumbs&quot;:{&quot;enable&quot;:false,&quot;position&quot;:&quot;bottom&quot;,&quot;thumbWidth&quot;:100,&quot;thumbHeight&quot;:60,&quot;spaceAround&quot;:4,&quot;spaceBetween&quot;:4,&quot;outsideSlider&quot;:true,&quot;centered&quot;:true},&quot;hashNavigation&quot;:{&quot;enable&quot;:false},&quot;loading&quot;:{&quot;fadeEffect&quot;:true,&quot;backgroundColor&quot;:&quot;#FFFFFF&quot;,&quot;color&quot;:&quot;#262626&quot;,&quot;style&quot;:&quot;style2&quot;},&quot;lightbox&quot;:{&quot;backgroundColor&quot;:&quot;#000000F2&quot;,&quot;closeColor&quot;:&quot;#FFFFFF&quot;},&quot;slides&quot;:[{&quot;src&quot;:&quot;https:\\\/\\\/esafaz.sefaz.pe.gov.br\\\/wp-content\\\/uploads\\\/2026\\\/04\\\/ESAFAZ.png&quot;,&quot;thumbSrc&quot;:&quot;https:\\\/\\\/esafaz.sefaz.pe.gov.br\\\/wp-content\\\/uploads\\\/2026\\\/04\\\/ESAFAZ-300x78.png&quot;}],&quot;fullscreenTablet&quot;:false,&quot;fullscreenMobile&quot;:false,&quot;widthMobile&quot;:1000,&quot;widthTablet&quot;:1000,&quot;heightMobile&quot;:550,&quot;heightTablet&quot;:550,&quot;responsiveMobile&quot;:false,&quot;responsiveTablet&quot;:false,&quot;forceResponsiveMobile&quot;:true,&quot;forceResponsiveTablet&quot;:true,&quot;lightboxMode&quot;:[],&quot;lightboxModeMobile&quot;:[],&quot;lightboxModeTablet&quot;:[],&quot;rootFolder&quot;:&quot;https:\\\/\\\/esafaz.sefaz.pe.gov.br\\\/wp-content\\\/plugins\\\/transition-slider-lite\\\/&quot;}\"><\/div>\n\n\n\n<!DOCTYPE html>\n<html lang=\"pt-BR\">\n<head>\n    <meta charset=\"UTF-8\">\n    <meta name=\"viewport\" content=\"width=device-width, initial-scale=1.0\">\n    <title>Portal de Not\u00edcias<\/title>\n    <link rel=\"stylesheet\" href=\"https:\/\/stackpath.bootstrapcdn.com\/bootstrap\/4.5.2\/css\/bootstrap.min.css\">\n    \n    <style>\n        \/* --- Estilos Gerais --- *\/\n        body {\n            background-color: #f8f9fa; \/* Um fundo suave para a p\u00e1gina *\/\n        }\n\n        \/* --- Se\u00e7\u00e3o de Not\u00edcias --- *\/\n        .news-section {\n            background-color: #ffffff;\n            padding: 2rem;\n            border-radius: 8px;\n            box-shadow: 0 4px 8px rgba(0,0,0,0.05);\n        }\n\n        \/* --- Carrossel --- *\/\n        .carousel-item img {\n            max-height: 450px; \/* Altura m\u00e1xima para as imagens do carrossel *\/\n            object-fit: cover; \/* Garante que a imagem cubra o espa\u00e7o sem distorcer *\/\n            border-radius: 5px;\n        }\n\n        \/* --- Lista de Not\u00edcias \u00e0 Direita --- *\/\n        .news-list-title {\n            font-size: 1.6rem;\n            color: #004f9c;\n            font-weight: 600;\n            border-bottom: 2px solid #004f9c;\n            padding-bottom: 0.5rem;\n            margin-bottom: 1rem;\n        }\n        \n        .news-item {\n            margin-bottom: 1.5rem; \/* Espa\u00e7amento entre os itens de not\u00edcia *\/\n        }\n        \n        .news-item a {\n            text-decoration: none; \/* Remove sublinhado dos links *\/\n        }\n\n        .news-item p {\n            font-size: 0.95rem;\n            line-height: 1.5;\n            color: #383a46;\n            margin-bottom: 0.25rem;\n        }\n        \n        .news-item a:hover p {\n            color: #004f9c; \/* Muda a cor do texto no hover *\/\n        }\n\n        .news-item h6 {\n            color: #555;\n            font-size: 0.8rem;\n        }\n        \n        \/* Estilo espec\u00edfico para a data dentro do h6 *\/\n        .news-item h6 span {\n            color: #004f9c;\n            font-weight: bold;\n        }\n\n        \/* --- Bot\u00e3o \"Mais Not\u00edcias\" --- *\/\n        .btn-leia-mais {\n            font-weight: bold;\n            padding: 10px 30px;\n            border-radius: 70px;\n            border: 2px solid #004f9c;\n            text-decoration: none;\n            transition: all 0.3s ease;\n        }\n    <\/style>\n<\/head>\n\n<body>\n    <div class=\"container my-5\">\n        <div class=\"news-section\">\n            <div class=\"section-header\">\n        <h2 class=\"section-title\">Not\u00edcias<\/h2>\n    <\/div>\n            \n            <div class=\"row\">\n                <div class=\"col-lg-8 mb-4 mb-lg-0\">\n                    <div id=\"carouselExampleIndicators\" class=\"carousel slide\" data-ride=\"carousel\">\n                        <ol class=\"carousel-indicators\">\n                            <li data-target=\"#carouselExampleIndicators\" data-slide-to=\"0\" class=\"active\"><\/li>\n                            <li data-target=\"#carouselExampleIndicators\" data-slide-to=\"1\"><\/li>\n                            <li data-target=\"#carouselExampleIndicators\" data-slide-to=\"2\"><\/li>\n                            <li data-target=\"#carouselExampleIndicators\" data-slide-to=\"3\"><\/li>\n                        <\/ol>\n                        <div class=\"carousel-inner\">\n                            <div class=\"carousel-item active\">\n                                <a href=\"https:\/\/esafaz.sefaz.pe.gov.br\/index.php\/documentario-ronda-da-memoria\/\">\n                                    <img decoding=\"async\" class=\"d-block w-100\" src=\"https:\/\/esafaz.sefaz.pe.gov.br\/wp-content\/uploads\/2025\/12\/capa-documentario-Memorial-.png\" alt=\"Memorial SEFAZ\">\n                                <\/a>\n                            <\/div>\n                            <div class=\"carousel-item\">\n                                <a href=\"https:\/\/esafaz.sefaz.pe.gov.br\/index.php\/aconteceu-na-semana-de-13-a-17-de-abril-de-2026\/\">\n                                    <img decoding=\"async\" class=\"d-block w-100\" src=\"https:\/\/esafaz.sefaz.pe.gov.br\/wp-content\/uploads\/2026\/04\/site-aconteceu-na-semana17.04.png\" alt=\"Aconteceu na Semana\">\n                                <\/a>\n                            <\/div>\n                            <div class=\"carousel-item\">\n                                <a href=\"https:\/\/esafaz.sefaz.pe.gov.br\/index.php\/cursos-alinhados-com-ods\/\">\n                                    <img decoding=\"async\" class=\"d-block w-100\" src=\"https:\/\/esafaz.sefaz.pe.gov.br\/wp-content\/uploads\/2025\/02\/sites-ods-copiar.jpg\" alt=\"Cursos Alinhados com ODS\">\n                                <\/a>\n                            <\/div>\n                            <div class=\"carousel-item\">\n                                <a href=\"https:\/\/esafaz.sefaz.pe.gov.br\/index.php\/aniversario-esafaz-34-anos\/\">\n                                    <img decoding=\"async\" class=\"d-block w-100\" src=\"https:\/\/esafaz.sefaz.pe.gov.br\/wp-content\/uploads\/2026\/04\/ESAFAZ-34-ANOS-CARTAO.png\" alt=\"Anivers\u00e1rio ESAFAZ 34 anos\">\n                                <\/a>\n                            <\/div>\n                        <\/div>\n                        <a class=\"carousel-control-prev\" href=\"#carouselExampleIndicators\" role=\"button\" data-slide=\"prev\">\n                            <span class=\"carousel-control-prev-icon\" aria-hidden=\"true\"><\/span>\n                            <span class=\"sr-only\">Anterior<\/span>\n                        <\/a>\n                        <a class=\"carousel-control-next\" href=\"#carouselExampleIndicators\" role=\"button\" data-slide=\"next\">\n                            <span class=\"carousel-control-next-icon\" aria-hidden=\"true\"><\/span>\n                            <span class=\"sr-only\">Pr\u00f3ximo<\/span>\n                        <\/a>\n                    <\/div>\n                <\/div>\n\n                <div class=\"col-lg-4\">\n                    <h3 class=\"news-list-title\">Destaques<\/h3>\n                    <div class=\"news-item\">\n                        <a href=\"https:\/\/esafaz.sefaz.pe.gov.br\/index.php\/aniversario-esafaz-34-anos\/\">\n                            <p><strong>Anivers\u00e1rio ESAFAZ:<\/strong> Nossa Escola completa 34 anos de hist\u00f3ria, aprendizado e muitas transforma\u00e7\u00f5es.<\/p>\n                        <\/a>\n                        <h6>Publicado em: <span>24\/04\/2026<\/span><\/h6>\n                    <\/div>\n                    <div class=\"news-item\">\n                        <a href=\"http:\/\/esafaz.sefaz.pe.gov.br\/index.php\/349-2\">\n                            <p><strong>Memorial SEFAZ:<\/strong> Espa\u00e7o est\u00e1 de portas abertas e convida voc\u00ea para inscrever-se em uma visita.<\/p>\n                        <\/a>\n                        <h6>Publicado em: <span>08\/05\/2025<\/span><\/h6>\n                    <\/div>\n                    <div class=\"news-item\">\n                        <a href=\"https:\/\/esafaz.sefaz.pe.gov.br\/index.php\/cursos-alinhados-com-ods\/\">\n                            <p><strong>Cursos Alinhados com ODS:<\/strong> Cursos da ESAFAZ-PE est\u00e3o alinhados aos Objetivos de Desenvolvimento Sustent\u00e1vel da ONU!<\/p>\n                        <\/a>\n                        <h6>Publicado em: <span>08\/05\/2025<\/span><\/h6>\n                    <\/div>\n                <\/div>\n            <\/div> <div class=\"text-center mt-4\">\n                <a href=\"http:\/\/esafaz.sefaz.pe.gov.br\/index.php\/noticias\/\" class=\"btn btn-primary btn-leia-mais\">\n                    Ver Mais Not\u00edcias\n                <\/a>\n            <\/div>\n\n        <\/div> <\/div> <script src=\"https:\/\/code.jquery.com\/jquery-3.5.1.slim.min.js\"><\/script>\n    <script src=\"https:\/\/cdn.jsdelivr.net\/npm\/popper.js@1.16.1\/dist\/umd\/popper.min.js\"><\/script>\n    <script src=\"https:\/\/stackpath.bootstrapcdn.com\/bootstrap\/4.5.2\/js\/bootstrap.min.js\"><\/script>\n<\/body>\n<\/html>\n\n\n\n<!DOCTYPE html>\n<html lang=\"pt-BR\">\n<head>\n    <meta charset=\"UTF-8\">\n    <meta name=\"viewport\" content=\"width=device-width, initial-scale=1.0\">\n    <title>Capacita\u00e7\u00f5es em N\u00fameros<\/title>\n    \n    <link rel=\"preconnect\" href=\"https:\/\/fonts.googleapis.com\">\n    <link rel=\"preconnect\" href=\"https:\/\/fonts.gstatic.com\" crossorigin>\n    <link href=\"https:\/\/fonts.googleapis.com\/css2?family=Poppins:wght@400;600;700&#038;display=swap\" rel=\"stylesheet\">\n\n    <style>\n        body {\n            background-color: #f0f2f5;\n            font-family: 'Poppins', sans-serif;\n        }\n\n        .usp-stats-section {\n            --bg-color: #007bff;\n            --text-color: #FFFFFF;\n            --highlight-color: #F2C94C;\n            --whatsapp-color: #25D366;\n            --font-primary: 'Poppins', sans-serif;\n\n            font-family: var(--font-primary);\n            background-color: var(--bg-color);\n            color: var(--text-color);\n            padding: 2rem;\n            width: 100%;\n            max-width: 1400px;\n            margin: 2rem auto; \n            position: relative;\n            box-sizing: border-box;\n            border-radius: 15px;\n            box-shadow: 0 8px 25px rgba(0,0,0,0.1);\n        }\n        \n        .usp-stats-section * {\n            box-sizing: border-box;\n        }\n\n        .usp-stats-section .stats-header {\n            text-align: left;\n            margin-bottom: 3rem;\n        }\n\n        .usp-stats-section .stats-header h1 {\n            font-size: 2.5rem;\n            font-weight: 700;\n            margin: 0;\n        }\n\n        .usp-stats-section .stats-header .source {\n            font-size: 1rem;\n            opacity: 0.8;\n            margin: 0;\n        }\n\n        .usp-stats-section .stats-grid {\n            display: grid;\n            grid-template-columns: 1fr 1fr 1.5fr;\n            gap: 2rem;\n            align-items: center;\n        }\n\n        .usp-stats-section .stat-item {\n            margin-bottom: 2.5rem;\n        }\n\n        .usp-stats-section .stat-number {\n            font-size: 3.5rem;\n            font-weight: 700;\n            display: block;\n            line-height: 1.1;\n        }\n\n        .usp-stats-section .stat-label {\n            font-size: 1.1rem;\n            opacity: 0.9;\n            margin: 0;\n        }\n        \n        .usp-stats-section .map-column {\n            display: flex;\n            flex-direction: column;\n            align-items: center;\n            justify-content: center;\n        }\n\n        .usp-stats-section .map-image {\n            max-width: 100%;\n            height: auto;\n            border-radius: 10px;\n            transition: transform 0.3s ease;\n        }\n        \n        .usp-stats-section .map-image:hover {\n            transform: scale(1.03);\n        }\n\n        \/* --- ALTERADO: Estilos para o container de bot\u00f5es hier\u00e1rquico --- *\/\n        .usp-stats-section .button-container {\n            display: flex;\n            flex-direction: column; \/* Dire\u00e7\u00e3o em coluna *\/\n            align-items: center;   \/* Alinha o conte\u00fado (bot\u00e3o principal e container secund\u00e1rio) *\/\n            gap: 1rem;\n            margin-top: 1.5rem;\n            width: 100%;\n        }\n        \n        \/* NOVO: Container para os bot\u00f5es secund\u00e1rios *\/\n        .secondary-buttons {\n            display: flex;\n            flex-wrap: wrap;\n            justify-content: center;\n            gap: 1rem;\n        }\n\n        .usp-stats-section .btn-agenda {\n            display: flex;\n            align-items: center;\n            justify-content: center;\n            gap: 0.5rem;\n            padding: 12px 25px;\n            font-weight: bold;\n            text-decoration: none;\n            border-radius: 8px;\n            transition: all 0.3s ease;\n            text-align: center;\n            border: none;\n        }\n\n        .usp-stats-section .btn-agenda:hover {\n            transform: translateY(-3px);\n            box-shadow: 0 4px 15px rgba(0,0,0,0.2);\n        }\n        \n        .usp-stats-section .btn-agenda.btn-ver-agenda {\n              background-color: var(--highlight-color);\n              color: #333;\n        }\n\n        .usp-stats-section .btn-agenda.btn-whatsapp {\n            background-color: var(--whatsapp-color);\n            color: var(--text-color);\n        }\n\n        \/* NOVO: Estilo para o bot\u00e3o \"fantasma\" *\/\n        .usp-stats-section .btn-agenda.btn-ghost {\n            background-color: transparent;\n            border: 2px solid var(--text-color);\n            color: var(--text-color);\n        }\n\n        .usp-stats-section .btn-agenda.btn-ghost:hover {\n            background-color: var(--text-color);\n            color: var(--bg-color);\n        }\n\n        .usp-stats-section .btn-agenda.btn-ghost:hover img {\n            filter: brightness(0) invert(0.2);\n        }\n\n        @media (max-width: 1024px) {\n            .usp-stats-section .stats-grid {\n                grid-template-columns: 1fr 1fr;\n            }\n            .usp-stats-section .map-column {\n                grid-column: 1 \/ -1;\n                margin-top: 2rem;\n            }\n        }\n\n        @media (max-width: 768px) {\n            .usp-stats-section { padding: 1.5rem; }\n            .usp-stats-section .stats-grid { grid-template-columns: 1fr; }\n            .usp-stats-section .stats-header,\n            .usp-stats-section .stats-column { text-align: center; }\n        }\n    <\/style>\n<\/head>\n<body>\n\n    <main class=\"usp-stats-section\">\n        <header class=\"stats-header\">\n            <h1>Capacita\u00e7\u00f5es<\/h1>\n           <p class=\"source\">N\u00fameros do ano de 2025<\/p>\n        <\/header>\n        <div class=\"stats-grid\"> \n            <div class=\"stats-column\">\n                <div class=\"stat-item\">\n                    <span class=\"stat-number\" data-target=\"218\">0<\/span>\n                    <p class=\"stat-label\">A\u00e7\u00e3o de capacita\u00e7\u00e3o Esafaz<\/p>\n                <\/div>\n                <div class=\"stat-item\">\n                   <span class=\"stat-number\" data-target=\"2857\">0<\/span>\n                    <p class=\"stat-label\">Certificados emitidos<\/p>\n                <\/div>\n            <\/div>\n            <div class=\"stats-column\">\n                <div class=\"stat-item\">\n                    <span class=\"stat-number\" data-target=\"1469\">0<\/span>\n                    <p class=\"stat-label\">Pessoas capacitadas<\/p>                           \n                <\/div>\n                <div class=\"stat-item\">\n                     <span class=\"stat-number\" data-target=\"3466\" data-suffix=\"h\">0<\/span>\n                    <p class=\"stat-label\">Carga hor\u00e1ria total<\/p>\n                <\/div>\n            <\/div>\n            <div class=\"map-column\">\n                <a href=\"https:\/\/esafaz.sefaz.pe.gov.br\/index.php\/agenda-mes\/\/\" target=\"_blank\" rel=\"noopener\">\n                    <img decoding=\"async\" src=\"https:\/\/esafaz.sefaz.pe.gov.br\/wp-content\/uploads\/2026\/04\/Agenda-capa-site-abril.png\" alt=\"Agenda de capacita\u00e7\u00f5es\" class=\"map-image\">\n                <\/a>\n                \n                <div class=\"button-container\">\n                    <a href=\"https:\/\/esafaz.sefaz.pe.gov.br\/index.php\/agenda-mes\/\" target=\"_blank\" class=\"btn-agenda btn-ver-agenda\" rel=\"noopener\" style=\"width: 100%; max-width: 400px;\">\n                        <img decoding=\"async\" src=\"https:\/\/esafaz.sefaz.pe.gov.br\/wp-content\/uploads\/2025\/06\/icons8-agenda-50.png\" alt=\"\" width=\"24\" height=\"24\"\/>\n                        <span>Ver Agenda Completa<\/span>\n                    <\/a>\n                \n                    <div class=\"secondary-buttons\">\n                        <a href=\"https:\/\/wa.me\/5581984941568\" target=\"_blank\" class=\"btn-agenda btn-whatsapp\" rel=\"noopener\">\n                            <img decoding=\"async\" src=\"https:\/\/esafaz.sefaz.pe.gov.br\/wp-content\/uploads\/2025\/06\/icons8-whatsapp-48.png\" alt=\"\" width=\"24\" height=\"24\"\/>\n                            <span>Grupo do WPP<\/span>\n                        <\/a>\n                        <a href=\"https:\/\/esafaz.sefaz.pe.gov.br\/index.php\/planos-de-cursos\/\" class=\"btn-agenda btn-ghost\">\n                            <img decoding=\"async\" src=\"https:\/\/esafaz.sefaz.pe.gov.br\/wp-content\/uploads\/2025\/06\/online-learning.png\" alt=\"\" width=\"24\" height=\"24\"\/>\n                            <span>Planos de Cursos<\/span>\n                        <\/a>\n                    <\/div>\n                <\/div>\n                <\/div>\n        <\/div>\n    <\/main>\n\n    <script>\n        document.addEventListener('DOMContentLoaded', () => {\n\n            \/\/ 1. A fun\u00e7\u00e3o que anima o n\u00famero\n            const startCounterAnimation = (counterElement) => {\n                const target = +counterElement.getAttribute('data-target');\n                const suffix = counterElement.getAttribute('data-suffix') || '';\n                const animationDuration = 2000; \/\/ 2 segundos\n                let startTime = null;\n\n                const animate = (currentTime) => {\n                    if (!startTime) {\n                        startTime = currentTime;\n                    }\n\n                    const progress = currentTime - startTime;\n                    const percentage = Math.min(progress \/ animationDuration, 1);\n                    const currentCount = Math.floor(target * percentage);\n\n                    counterElement.innerText = currentCount;\n\n                    if (progress < animationDuration) {\n                        requestAnimationFrame(animate);\n                    } else {\n                        counterElement.innerText = target + suffix;\n                    }\n                };\n                requestAnimationFrame(animate);\n            };\n\n            \/\/ 2. O \"vigia\" que observa quando os elementos entram na tela\n            const observer = new IntersectionObserver((entries, observer) => {\n                entries.forEach(entry => {\n                    \/\/ Se o elemento est\u00e1 vis\u00edvel\n                    if (entry.isIntersecting) {\n                        \/\/ Inicia a anima\u00e7\u00e3o para aquele elemento\n                        startCounterAnimation(entry.target);\n                        \/\/ Para de observar o elemento para n\u00e3o animar de novo\n                        observer.unobserve(entry.target);\n                    }\n                });\n            }, {\n                threshold: 0.2 \/\/ Inicia quando 20% do elemento estiver vis\u00edvel\n            });\n\n            \/\/ 3. Pede ao \"vigia\" para observar cada n\u00famero\n            const counters = document.querySelectorAll('.stat-number');\n            counters.forEach(counter => {\n                observer.observe(counter);\n            });\n        });\n    <\/script>\n<\/body>\n<\/html>\n\n\n\n<!DOCTYPE html>\n<html lang=\"pt-BR\">\n<head>\n  <meta charset=\"UTF-8\">\n  <meta name=\"viewport\" content=\"width=device-width, initial-scale=1.0\">\n  <title>Cursos Presenciais<\/title>\n  <link rel=\"stylesheet\" href=\"https:\/\/stackpath.bootstrapcdn.com\/bootstrap\/4.5.2\/css\/bootstrap.min.css\">\n\n  <style>\n    body {\n      background-color: #f8f9fa;\n    }\n\n    .section-container {\n      background: #ffffff;\n      padding: 2rem;\n      border-radius: 8px;\n    }\n\n    .section-title {\n      font-size: 1.7rem;\n      font-weight: 600;\n      color: #333;\n    }\n\n    .card {\n      transition: transform 0.2s ease-in-out, box-shadow 0.2s ease-in-out;\n      border: 1px solid #e9ecef;\n    }\n\n    .card:hover {\n      transform: translateY(-5px);\n      box-shadow: 0 4px 15px rgba(0, 0, 0, 0.1);\n    }\n\n    .card-info-list {\n      list-style: none;\n      padding: 0;\n      margin: 0;\n    }\n\n    .card-info-item {\n      display: flex;\n      align-items: center;\n      margin-bottom: 0.75rem;\n      font-size: 0.9rem;\n      text-align: left;\n    }\n\n    .info-icon {\n      width: 20px;\n      height: 20px;\n      margin-right: 8px;\n    }\n\n    .card-footer {\n      display: flex;\n      justify-content: space-between;\n      align-items: center;\n      background-color: #f8f9fa;\n    }\n\n    .btn-view-all {\n      background: transparent;\n      color: #0e2851;\n      padding: 8px 30px;\n      border-radius: 50px;\n      border: 2px solid #004f9c;\n      font-size: 1rem;\n      font-weight: 600;\n      text-decoration: none;\n      transition: all 0.3s ease;\n    }\n\n    .btn-view-all:hover {\n      background-color: #0e2851;\n      color: #ffffff;\n    }\n\n    \/* efeito hover na imagem *\/\n    .img-hover {\n      transition: transform 0.3s ease;\n    }\n\n    .img-hover:hover {\n      transform: scale(1.05);\n    }\n  <\/style>\n<\/head>\n\n<body>\n  <div class=\"section-container container\">\n<h2 class=\"section-title my-4 \">Cursos Presenciais<\/h2>\n    <div class=\"row\" id=\"cursos-container\">\n      <!-- Cards ser\u00e3o inseridos aqui -->\n    <\/div>\n  <\/div>\n\n  <script>\n    const cursos = [\n{\n\ntitulo: \"Informa\u00e7\u00f5es do Curso:\",\n        img: \"https:\/\/esafaz.sefaz.pe.gov.br\/wp-content\/uploads\/2026\/04\/capa-GESTAO-DE-TETO-DE-GASTOS-DE-GD3-t05.png\",\n        instrutores: \"Mauro Ata\u00edde e Videres Campello\",\n        publico: \"Fazend\u00e1rios\",\n        data: \"27 a 30 de abril\",\n        horario: \"13h \u00e0s 17h\",\n        local: \"Esafaz\",\n        cargaHoraria: \"24h\",\n        status: \"Inscreva-se\",\n        link: \"https:\/\/doity.com.br\/gestao-de-gastos-t5-\"\n      },\n\n{\n\ntitulo: \"Informa\u00e7\u00f5es do Curso:\",\n        img: \"https:\/\/esafaz.sefaz.pe.gov.br\/wp-content\/uploads\/2026\/04\/capa-GBPE-FISCO-CADASTRO-DE-MATERIAIS-E-SERVICOS-PARA-USUARIOS-t02.png\",\n        instrutores: \" Ivaldene Gomes e Jaza Pontes \",\n        publico: \"Fazend\u00e1rios\",\n        data: \"27 a 30 de abril\",\n        horario: \"13h \u00e0s 17h\",\n        local: \"Esafaz\",\n        cargaHoraria: \"24h\",\n        status: \"Inscreva-se\",\n        link: \"https:\/\/doity.com.br\/e-fisco-cadastro-de-materiais-t02\"\n      },\n\n{\ntitulo: \"Informa\u00e7\u00f5es do Curso:\",\n        img: \"https:\/\/esafaz.sefaz.pe.gov.br\/wp-content\/uploads\/2026\/04\/capa-Regularizacoes-Contabeis-no-Sistema-e-Fisco-1.png\",\n        instrutores: \" Anderson Silva e Leonardo de Oliveira \",\n        publico: \"Fazend\u00e1rios\",\n        data: \"22 a 24 de abril\",\n        horario: \"13h \u00e0s 17h\",\n        local: \"Esafaz\",\n        cargaHoraria: \"24h\",\n        status: \"Inscreva-se\",\n        link: \"https:\/\/doity.com.br\/regularizacao-contabeis-01\"\n      }\n    ];\n\n    const container = document.getElementById(\"cursos-container\");\n\n    cursos.forEach(curso => {\n      let btnClass = \"\";\n      let btnHTML = \"\";\n      let imgHTML = `<img decoding=\"async\" class=\"card-img-top img-hover\" src=\"${curso.img}\" alt=\"ESAFAZ PE\">`;\n\n      if (curso.status === \"Inscreva-se\") {\n        btnClass = \"btn-success\"; \/\/ verde\n        btnHTML = `<a href=\"${curso.link}\" class=\"btn ${btnClass} btn-sm\" target=\"_blank\">${curso.status}<\/a>`;\n        imgHTML = `<a href=\"${curso.link}\" target=\"_blank\">${imgHTML}<\/a>`; \/\/ imagem vira link\n      } else if (curso.status === \"Encerrado\") {\n        btnClass = \"btn-danger\"; \/\/ vermelho\n        btnHTML = `<span class=\"btn ${btnClass} btn-sm\">${curso.status}<\/span>`;\n      } else if (curso.status === \"Exclusivo\") {\n        btnClass = \"btn-warning\"; \/\/ amarelo\n        btnHTML = `<a href=\"${curso.link}\" class=\"btn ${btnClass} btn-sm\" target=\"_blank\">${curso.status}<\/a>`;\n      } else {\n        btnClass = \"btn-secondary\"; \/\/ fallback\n        btnHTML = `<span class=\"btn ${btnClass} btn-sm\">${curso.status}<\/span>`;\n      }\n\n      container.innerHTML += `\n        <div class=\"col-md-4 mb-4\">\n          <div class=\"card h-100\">\n            ${imgHTML}\n            <div class=\"card-body\">\n              <h6 class=\"card-title\">${curso.titulo}<\/h6>\n              <ul class=\"card-info-list mt-3\">\n                <li class=\"card-info-item\"><img decoding=\"async\" src=\"https:\/\/esafaz.sefaz.pe.gov.br\/wp-content\/uploads\/2024\/06\/professor.png\" class=\"info-icon\"> Instrutores: ${curso.instrutores}<\/li>\n                <li class=\"card-info-item\"><img decoding=\"async\" src=\"https:\/\/esafaz.sefaz.pe.gov.br\/wp-content\/uploads\/2024\/06\/usuarios.png\" class=\"info-icon\"> P\u00fablico: ${curso.publico}<\/li>\n                <li class=\"card-info-item\"><img decoding=\"async\" src=\"https:\/\/esafaz.sefaz.pe.gov.br\/wp-content\/uploads\/2024\/06\/datas.png\" class=\"info-icon\"> Data: ${curso.data}<\/li>\n                <li class=\"card-info-item\"><img decoding=\"async\" src=\"https:\/\/esafaz.sefaz.pe.gov.br\/wp-content\/uploads\/2024\/04\/relogio.png\" class=\"info-icon\"> Hor\u00e1rio: ${curso.horario}<\/li>\n                <li class=\"card-info-item\"><img decoding=\"async\" src=\"https:\/\/esafaz.sefaz.pe.gov.br\/wp-content\/uploads\/2024\/06\/lugar-colocar.png\" class=\"info-icon\"> Local: ${curso.local}<\/li>\n              <\/ul>\n            <\/div>\n            <div class=\"card-footer\">\n              <div class=\"card-info-item mb-0\">\n                <img decoding=\"async\" src=\"https:\/\/esafaz.sefaz.pe.gov.br\/wp-content\/uploads\/2024\/04\/relogio.png\" class=\"info-icon\">\n                <strong>Carga Hor\u00e1ria: ${curso.cargaHoraria}<\/strong>\n              <\/div>\n              ${btnHTML}\n            <\/div>\n          <\/div>\n        <\/div>\n      `;\n    });\n  <\/script>\n<div class=\"d-flex justify-content-center text-center mt-4\">\n            <a href=\"https:\/\/esafaz.sefaz.pe.gov.br\/index.php\/cursos-presenciais\/\" class=\"btn btn-primary btn-leia-mais\" rel=\"noopener\">\n                Ver Todos\n            <\/a>\n        <\/div>\n  <script src=\"https:\/\/code.jquery.com\/jquery-3.5.1.slim.min.js\"><\/script>\n  <script src=\"https:\/\/cdn.jsdelivr.net\/npm\/popper.js@1.16.1\/dist\/umd\/popper.min.js\"><\/script>\n  <script src=\"https:\/\/stackpath.bootstrapcdn.com\/bootstrap\/4.5.2\/js\/bootstrap.min.js\"><\/script>\n<\/body>\n<\/html>\n\n\n\n<!DOCTYPE html>\n<html lang=\"pt-BR\">\n<head>\n    <meta charset=\"UTF-8\">\n    <meta name=\"viewport\" content=\"width=device-width, initial-scale=1.0\">\n    <title>Cursos Online<\/title>\n    <link rel=\"stylesheet\" href=\"https:\/\/stackpath.bootstrapcdn.com\/bootstrap\/4.5.2\/css\/bootstrap.min.css\">\n    \n    <style>\n        \/* --- Estilos Gerais --- *\/\n        body {\n            background-color: #f8f9fa;\n        }\n\n        .section-container {\n            background: #ffffff;\n            padding: 2rem;\n            border-radius: 8px;\n        }\n        \n        .section-title {\n            font-size: 1.7rem;\n            font-weight: 600;\n            color: #333;\n        }\n\n        \/* --- Estilos dos Cards --- *\/\n        .card-deck .card {\n            transition: transform 0.2s ease-in-out, box-shadow 0.2s ease-in-out;\n            border: 1px solid #e9ecef;\n        }\n\n        .card-deck .card:hover {\n            transform: translateY(-5px);\n            box-shadow: 0 4px 15px rgba(0,0,0,0.1);\n        }\n        \n        .card-link {\n             color: inherit;\n             text-decoration: none;\n        }\n\n        .card-link:hover {\n            color: inherit;\n            text-decoration: none;\n        }\n        \n        \/* --- Conte\u00fado do Card --- *\/\n        .card-info-list {\n            list-style: none;\n            padding: 0;\n            margin: 0;\n        }\n\n        .card-info-item {\n            display: flex; \/* Alinha \u00edcone e texto *\/\n            align-items: center;\n            margin-bottom: 0.75rem;\n            font-size: 0.9rem;\n            color: #555;\n            text-align: left;\n        }\n\n        .info-icon {\n            width: 20px;\n            height: 20px;\n            margin-right: 8px; \/* Espa\u00e7o entre o \u00edcone e o texto *\/\n        }\n        \n        .card-footer {\n            display: flex; \/* Alinha itens do rodap\u00e9 *\/\n            justify-content: space-between; \/* Espa\u00e7a os itens *\/\n            align-items: center;\n            background-color: #f8f9fa;\n        }\n\n        .card-footer .text-muted {\n            display: flex;\n            align-items: center;\n        }\n\n        \/* --- Bot\u00e3o \"Ver Todos\" --- *\/\n        .btn-view-all {\n            background: transparent;\n            color: #004f9c;\n            padding: 8px 30px;\n            border-radius: 50px;\n            border: 2px solid #004f9c;\n            font-size: 1rem;\n            font-weight: 600;\n            text-decoration: none;\n            transition: all 0.3s ease;\n        }\n\n        .btn-view-all:hover {\n            background-color: #004f9c;\n            color: #ffffff;\n            text-decoration: none;\n        }\n    <\/style>\n<\/head>\n\n<body>\n    <div class=\"container section-container my-5\">\n        <h2 class=\"section-title mb-4\">Cursos Online<\/h2>\n        \n        <div class=\"card-deck\">\n            <div class=\"card\">\n                <a href=\"https:\/\/www.escolavirtual.gov.br\/p\/governope\" target=\"_blank\" rel=\"noopener\" class=\"card-link\">\n                    <img decoding=\"async\" class=\"card-img-top\" src=\"https:\/\/esafaz.sefaz.pe.gov.br\/wp-content\/uploads\/2025\/07\/formato-fhd.jpg\" alt=\"Card image cap\">\n                <\/a>\n                <div class=\"card-body\">\n                    <h5 class=\"card-title\">Esafaz + Enap<\/h5>\n                    <ul class=\"card-info-list mt-3\">\n                        <li class=\"card-info-item\"><img decoding=\"async\" src=\"https:\/\/esafaz.sefaz.pe.gov.br\/wp-content\/uploads\/2024\/06\/professor.png\" class=\"info-icon\">Docente: Diversos<\/li>\n                        <li class=\"card-info-item\"><img decoding=\"async\" src=\"https:\/\/esafaz.sefaz.pe.gov.br\/wp-content\/uploads\/2024\/06\/usuarios.png\" class=\"info-icon\">P\u00fablico: Livre<\/li>\n                        <li class=\"card-info-item\"><img decoding=\"async\" src=\"https:\/\/esafaz.sefaz.pe.gov.br\/wp-content\/uploads\/2024\/06\/lugar-colocar.png\" class=\"info-icon\">Plataforma: Escola Virtual do Governo<\/li>\n                        <li class=\"card-info-item\"><img decoding=\"async\" src=\"https:\/\/esafaz.sefaz.pe.gov.br\/wp-content\/uploads\/2024\/06\/datas.png\" class=\"info-icon\">Data: Aberta<\/li>\n                    <\/ul>\n                <\/div>\n                <div class=\"card-footer\">\n                    <small class=\"card-info-item mb-0\">\n                        <img decoding=\"async\" src=\"https:\/\/esafaz.sefaz.pe.gov.br\/wp-content\/uploads\/2024\/04\/relogio.png\" class=\"info-icon\">\n                        <strong><\/strong>\n                    <\/small>\n                    <a class=\"btn btn-success btn-sm\" href=\"https:\/\/esafaz.sefaz.pe.gov.br\/moodle\/course\/view.php?id=38\" target=\"_blank\" rel=\"noopener\">INSCREVA-SE<\/a>\n                <\/div>\n            <\/div>\n\n            <div class=\"card\">\n                <a href=\"https:\/\/doity.com.br\/pre-inscricao-rt-2026\" target=\"_blank\" rel=\"noopener\" class=\"card-link\">\n                    <img decoding=\"async\" class=\"card-img-top\" src=\"https:\/\/esafaz.sefaz.pe.gov.br\/wp-content\/uploads\/2025\/10\/Apresentacao-Educacional-sobre-Principios-do-Design-em-Cartazes-com-Estilo-de-Grades-e-Quadros-Alinhados-em-Amarelo-e-Bege.png\" alt=\"Card image cap\">\n                <\/a>\n                <div class=\"card-body\">\n                    <h5 class=\"card-title\">Reforma Tribut\u00e1ria<\/h5>\n                    <ul class=\"card-info-list mt-3\">\n                        <li class=\"card-info-item\"><img decoding=\"async\" src=\"https:\/\/esafaz.sefaz.pe.gov.br\/wp-content\/uploads\/2024\/06\/professor.png\" class=\"info-icon\">Docente: Diversos<\/li>\n                        <li class=\"card-info-item\"><img decoding=\"async\" src=\"https:\/\/esafaz.sefaz.pe.gov.br\/wp-content\/uploads\/2024\/06\/usuarios.png\" class=\"info-icon\">P\u00fablico: Fazend\u00e1rios<\/li>\n                        <li class=\"card-info-item\"><img decoding=\"async\" src=\"https:\/\/esafaz.sefaz.pe.gov.br\/wp-content\/uploads\/2024\/06\/lugar-colocar.png\" class=\"info-icon\">Plataforma: Ambiente Virtual da Sefaz\/MG<\/li>\n                        <li class=\"card-info-item\"><img decoding=\"async\" src=\"https:\/\/esafaz.sefaz.pe.gov.br\/wp-content\/uploads\/2024\/06\/datas.png\" class=\"info-icon\">Data: 01 de janeiro a 31 de dezembro<\/li>\n                    <\/ul>\n                <\/div>\n                <div class=\"card-footer\">\n                    <small class=\"card-info-item mb-0\">\n                        <img decoding=\"async\" src=\"https:\/\/esafaz.sefaz.pe.gov.br\/wp-content\/uploads\/2024\/04\/relogio.png\" class=\"info-icon\">\n                        <strong>C.H: 20h<\/strong>\n                    <\/small>\n                    <a class=\"btn btn-success btn-sm\" href=\"https:\/\/doity.com.br\/pre-inscricao-rt-2026\" target=\"_blank\" rel=\"noopener\">INSCREVA-SE<\/a>\n                <\/div>\n            <\/div>\n\n            <div class=\"card\">\n                <a href=\"https:\/\/esafaz.sefaz.pe.gov.br\/moodle\/course\/view.php?id=3\" target=\"_blank\" rel=\"noopener\" class=\"card-link\">\n                    <img decoding=\"async\" class=\"card-img-top\" src=\"https:\/\/esafaz.sefaz.pe.gov.br\/wp-content\/uploads\/2024\/09\/EconomiaeLiderancaCriativa.png\" alt=\"Card image cap\">\n                <\/a>\n                <div class=\"card-body\">\n                    <h5 class=\"card-title\">Economia e Lideran\u00e7a Criativa<\/h5>\n                     <ul class=\"card-info-list mt-3\">\n                        <li class=\"card-info-item\"><img decoding=\"async\" src=\"https:\/\/esafaz.sefaz.pe.gov.br\/wp-content\/uploads\/2024\/06\/professor.png\" class=\"info-icon\">Coordenador(a): Equipe Esafaz<\/li>\n                        <li class=\"card-info-item\"><img decoding=\"async\" src=\"https:\/\/esafaz.sefaz.pe.gov.br\/wp-content\/uploads\/2024\/06\/usuarios.png\" class=\"info-icon\">P\u00fablico: Aberto para Todos<\/li>\n                        <li class=\"card-info-item\"><img decoding=\"async\" src=\"https:\/\/esafaz.sefaz.pe.gov.br\/wp-content\/uploads\/2024\/06\/lugar-colocar.png\" class=\"info-icon\">Plataforma: Moodle Esafaz<\/li>\n                    <\/ul>\n                <\/div>\n                <div class=\"card-footer\">\n                    <small class=\"card-info-item mb-0\">\n                        <img decoding=\"async\" src=\"https:\/\/esafaz.sefaz.pe.gov.br\/wp-content\/uploads\/2024\/04\/relogio.png\" class=\"info-icon\">\n                        <strong>C.H: 20h<\/strong>\n                    <\/small>\n                    <a class=\"btn btn-success btn-sm\" href=\"https:\/\/esafaz.sefaz.pe.gov.br\/moodle\/course\/view.php?id=3\" target=\"_blank\" rel=\"noopener\">INSCREVA-SE<\/a>\n                <\/div>\n            <\/div>\n        <\/div>\n\n        <div class=\"d-flex justify-content-center text-center mt-5\">\n            <a href=\"http:\/\/esafaz.sefaz.pe.gov.br\/index.php\/cursos-online\/\" class=\"btn btn-primary btn-leia-mais\" rel=\"noopener\">\n                Ver Todos\n            <\/a>\n        <\/div>\n    <\/div>\n    \n    <script src=\"https:\/\/code.jquery.com\/jquery-3.5.1.slim.min.js\"><\/script>\n    <script src=\"https:\/\/cdn.jsdelivr.net\/npm\/popper.js@1.16.1\/dist\/umd\/popper.min.js\"><\/script>\n    <script src=\"https:\/\/stackpath.bootstrapcdn.com\/bootstrap\/4.5.2\/js\/bootstrap.min.js\"><\/script>\n<\/body>\n<\/html>\n\n\n\n<!DOCTYPE html>\n<html lang=\"pt-BR\">\n<head>\n    <meta charset=\"UTF-8\">\n    <title>Eventos e Oficinas<\/title>\n    <meta name=\"viewport\" content=\"width=device-width, initial-scale=1.0\">\n    <link rel=\"stylesheet\" href=\"https:\/\/stackpath.bootstrapcdn.com\/bootstrap\/4.5.2\/css\/bootstrap.min.css\">\n    <link rel=\"preconnect\" href=\"https:\/\/fonts.googleapis.com\">\n    <link rel=\"preconnect\" href=\"https:\/\/fonts.gstatic.com\" crossorigin>\n    <link href=\"https:\/\/fonts.googleapis.com\/css2?family=Inter:wght@400;500;700&#038;display=swap\" rel=\"stylesheet\">\n\n    <style>\n        :root {\n            --text-primary: #0e2851;\n            --text-secondary: #555;\n            --border-color: #E0E0E0;\n            --background-light: #F8F9FA;\n            --status-green: #28a745;\n            --status-red: #dc3545;\n            --font-family: 'Inter', sans-serif;\n        }\n\n        body {\n            font-family: var(--font-family);\n            background-color: #fff;\n        }\n\n        .eventos-section {\n            padding: 40px 15px;\n        }\n\n        .section-header {\n            margin-bottom: 30px;\n        }\n\n        .section-title {\n            color: var(--text-primary);\n            font-weight: 700;\n            font-size: 2rem;\n        }\n\n        .event-card {\n            display: flex;\n            background-color: var(--background-light);\n            border: 1px solid var(--border-color);\n            border-radius: 8px;\n            padding: 20px;\n            height: 100%;\n            text-decoration: none;\n            color: inherit;\n            transition: all 0.3s ease;\n        }\n\n        .event-card:hover {\n            border-color: #ccc;\n            box-shadow: 0 6px 15px rgba(0, 0, 0, 0.08);\n            transform: translateY(-5px);\n            text-decoration: none;\n            color: inherit;\n        }\n\n        .event-date {\n            display: flex;\n            flex-direction: column;\n            text-align: center;\n            margin-right: 20px;\n            color: var(--text-secondary);\n            flex-shrink: 0;\n            width: 95px;\n        }\n        \n        .event-date .dia {\n            color: var(--text-primary);\n            font-size: 2.5rem;\n            font-weight: 700;\n            line-height: 1;\n        }\n\n        .event-date .mes-ano,\n        .event-date .semana {\n            font-size: 0.9rem;\n        }\n\n        .event-date .hora {\n            margin-top: 10px;\n            background-color: #fff;\n            border: 1px solid var(--border-color);\n            border-radius: 5px;\n            padding: 2px 5px;\n            font-size: 0.9rem;\n            font-weight: 500;\n        }\n        \n        .event-info {\n            display: flex;\n            flex-direction: column;\n            border-left: 1px solid var(--border-color);\n            padding-left: 20px;\n            width: 100%;\n        }\n        \n        .event-title {\n            font-size: 1.1rem;\n            font-weight: 500;\n            color: #333;\n            margin-bottom: 15px;\n        }\n\n        .event-location {\n            margin-top: auto;\n            display: flex;\n            align-items: center;\n            font-size: 0.9rem;\n            color: var(--text-secondary);\n        }\n        \n        .event-location svg {\n            width: 16px;\n            height: 16px;\n            margin-right: 8px;\n            fill: var(--text-secondary);\n        }\n        \n        \/* --- AJUSTE: Estilo do Status alterado para parecer com a \"hora\" --- *\/\n        .event-status {\n            margin-top: 10px;\n            padding: 4px 8px;\n            font-size: 0.85rem;\n            font-weight: 700;\n            border-radius: 5px;\n            text-decoration: none;\n            text-align: center;\n            transition: all 0.2s ease;\n            \n            \/* Estilo base (fundo branco e borda padr\u00e3o) *\/\n            background-color: #fff;\n            border: 1px solid var(--border-color); \n        }\n\n        \/* Cor para Inscri\u00e7\u00f5es Abertas *\/\n        .event-status.status-open {\n            color: var(--status-green);\n            border-color: var(--status-green);\n        }\n        .event-status.status-open:hover {\n            background-color: var(--status-green);\n            color: #fff;\n            text-decoration: none;\n        }\n        \n        \/* Cor para Inscri\u00e7\u00f5es Encerradas *\/\n        .event-status.status-closed {\n            color: var(--status-red);\n            border-color: var(--status-red);\n            background-color: #fff;\n            cursor: not-allowed;\n        }\n        \n        .btn-primary {\n            background-color: #2b478b;\n            border: none;\n        }\n        .btn-primary:hover {\n            background-color: #243b74;\n        }\n    <\/style>\n<\/head>\n<body>\n\n<div class=\"container eventos-section\">\n    <div class=\"section-header\">\n        <h2 class=\"section-title\">Eventos e Oficinas<\/h2>\n    <\/div>\n\n    <div class=\"row\">\n\n        <div class=\"col-lg-4 col-md-6 mb-4\">\n            <div class=\"event-card\">\n                <div class=\"event-date\">\n                    <span class=\"dia\">30<\/span>\n                    <span class=\"mes-ano\">Abril de 2026<\/span>\n                    <span class=\"semana\">Quinta<\/span>\n                    <span class=\"hora\">14h \u00e0s 16h<\/span>\n                    <a href=\"https:\/\/doity.com.br\/fiscafe-26-2\" target=\"_blank\" rel=\"noopener\" class=\"event-status status-open\">Inscreva-se<\/a>\n                <\/div>\n                <div class=\"event-info\">\n                    <h5 class=\"event-title\">FISCAF\u00c9: O Cadastro como Pilar da Reforma Tributaria<\/h5>\n                    <div class=\"event-location\">\n                        <svg xmlns=\"http:\/\/www.w3.org\/2000\/svg\" viewBox=\"0 0 24 24\"><path d=\"M12,11.5A2.5,2.5 0 0,1 9.5,9A2.5,2.5 0 0,1 12,6.5A2.5,2.5 0 0,1 14.5,9A2.5,2.5 0 0,1 12,11.5M12,2A7,7 0 0,0 5,9C5,14.25 12,22 12,22C12,22 19,14.25 19,9A7,7 0 0,0 12,2Z\" \/><\/svg>\n                        Audit\u00f3rio do San Rafael e no TEAMS\n                    <\/div>\n                <\/div>\n            <\/div>\n        <\/div>\n\n        <div class=\"col-lg-4 col-md-6 mb-4\">\n            <div class=\"event-card\">\n                <div class=\"event-date\">\n                   <span class=\"dia\">26<\/span>\n                    <span class=\"mes-ano\">Mar\u00e7o de 2026<\/span>\n                    <span class=\"semana\">Quinta<\/span>\n                    <span class=\"hora\">14h \u00e0s 16h<\/span>\n                    <a href=\"#\" target=\"_blank\" rel=\"noopener\" class=\"event-status status-closed\">Encerrado<\/a>\n                <\/div>\n                <div class=\"event-info\">\n                    <h5 class=\"event-title\">FISCAF\u00c9: Apresenta\u00e7\u00e3o do Funcionamento do Comit\u00ea Gestor<\/h5>\n                    <div class=\"event-location\">\n                        <svg xmlns=\"http:\/\/www.w3.org\/2000\/svg\" viewBox=\"0 0 24 24\"><path d=\"M12,11.5A2.5,2.5 0 0,1 9.5,9A2.5,2.5 0 0,1 12,6.5A2.5,2.5 0 0,1 14.5,9A2.5,2.5 0 0,1 12,11.5M12,2A7,7 0 0,0 5,9C5,14.25 12,22 12,22C12,22 19,14.25 19,9A7,7 0 0,0 12,2Z\" \/><\/svg>\n                        Audit\u00f3rio do San Rafael e no TEAMS\n                    <\/div>\n                <\/div>\n            <\/div>\n        <\/div>\n\n        <div class=\"col-lg-4 col-md-6 mb-4\">\n            <div class=\"event-card\">\n                <div class=\"event-date\">\n                     <span class=\"dia\">03<\/span>\n                    <span class=\"mes-ano\">Dezembro de 2025<\/span>\n                    <span class=\"semana\">Quarta<\/span>\n                    <span class=\"hora\">09h \u00e0s 11h30<\/span>\n                    <a target=\"blank\" rel=\"noopener\" class=\"event-status status-closed\">Encerrado<\/a>\n                <\/div>\n                <div class=\"event-info\">\n                    <h5 class=\"event-title\">FISCAF\u00c9: Contabilidade em Foco na Reforma Tribut\u00e1ria<\/h5>\n                    <div class=\"event-location\">\n                        <svg xmlns=\"http:\/\/www.w3.org\/2000\/svg\" viewBox=\"0 0 24 24\"><path d=\"M12,11.5A2.5,2.5 0 0,1 9.5,9A2.5,2.5 0 0,1 12,6.5A2.5,2.5 0 0,1 14.5,9A2.5,2.5 0 0,1 12,11.5M12,2A7,7 0 0,0 5,9C5,14.25 12,22 12,22C12,22 19,14.25 19,9A7,7 0 0,0 12,2Z\" \/><\/svg>\n                        Audit\u00f3rio do San Rafael e no TEAMS\n                    <\/div>\n                <\/div>\n            <\/div>\n        <\/div>\n    <\/div>\n    \n    <div class=\"text-center mt-5\">\n        <a href=\"https:\/\/esafaz.sefaz.pe.gov.br\/index.php\/eventos\/\" class=\"btn btn-primary\">Ver Todos<\/a>\n    <\/div>\n<\/div>\n\n<script src=\"https:\/\/code.jquery.com\/jquery-3.5.1.slim.min.js\"><\/script>\n<script src=\"https:\/\/cdn.jsdelivr.net\/npm\/bootstrap@4.5.2\/dist\/js\/bootstrap.bundle.min.js\"><\/script>\n\n<\/body>\n<\/html>\n\n\n\n<\/br><\/br>\n\n\n\n<script>\n(function(){if(!window.chatbase||window.chatbase(\"getState\")!==\"initialized\"){window.chatbase=(...arguments)=>{if(!window.chatbase.q){window.chatbase.q=[]}window.chatbase.q.push(arguments)};window.chatbase=new Proxy(window.chatbase,{get(target,prop){if(prop===\"q\"){return target.q}return(...args)=>target(prop,...args)}})}const onLoad=function(){const script=document.createElement(\"script\");script.src=\"https:\/\/www.chatbase.co\/embed.min.js\";script.id=\"_X0tFL5hdXAWlRL6xiUOt\";script.domain=\"www.chatbase.co\";document.body.appendChild(script)};if(document.readyState===\"complete\"){onLoad()}else{window.addEventListener(\"load\",onLoad)}})();\n<\/script>\n\n\n\n<p><\/p>\n","protected":false},"excerpt":{"rendered":"<p>Portal de Not\u00edcias Not\u00edcias Anterior Pr\u00f3ximo Destaques Anivers\u00e1rio ESAFAZ: Nossa Escola completa 34 anos de hist\u00f3ria, aprendizado e muitas transforma\u00e7\u00f5es. Publicado em: 24\/04\/2026 Memorial SEFAZ: Espa\u00e7o est\u00e1 de portas abertas e convida voc\u00ea para inscrever-se em uma visita. Publicado em: 08\/05\/2025 Cursos Alinhados com ODS: Cursos da ESAFAZ-PE est\u00e3o alinhados aos Objetivos de Desenvolvimento Sustent\u00e1vel &#8230; <a title=\"In\u00edcio\" class=\"read-more\" href=\"https:\/\/esafaz.sefaz.pe.gov.br\/\" aria-label=\"Read more about In\u00edcio\">Ler mais<\/a><\/p>\n","protected":false},"author":1,"featured_media":0,"parent":0,"menu_order":0,"comment_status":"closed","ping_status":"closed","template":"","meta":{"inline_featured_image":false,"courseId":0,"footnotes":""},"class_list":["post-79","page","type-page","status-publish"],"yoast_head":"<!-- This site is optimized with the Yoast SEO plugin v25.1 - https:\/\/yoast.com\/wordpress\/plugins\/seo\/ -->\r\n<title>In\u00edcio - Site Esafaz<\/title>\r\n<meta name=\"robots\" content=\"index, follow, max-snippet:-1, max-image-preview:large, max-video-preview:-1\" \/>\r\n<link rel=\"canonical\" href=\"https:\/\/esafaz.sefaz.pe.gov.br\/\" \/>\r\n<meta property=\"og:locale\" content=\"pt_BR\" \/>\r\n<meta property=\"og:type\" content=\"article\" \/>\r\n<meta property=\"og:title\" content=\"In\u00edcio - Site Esafaz\" \/>\r\n<meta property=\"og:description\" content=\"Portal de Not\u00edcias Not\u00edcias Anterior Pr\u00f3ximo Destaques Anivers\u00e1rio ESAFAZ: Nossa Escola completa 34 anos de hist\u00f3ria, aprendizado e muitas transforma\u00e7\u00f5es. Publicado em: 24\/04\/2026 Memorial SEFAZ: Espa\u00e7o est\u00e1 de portas abertas e convida voc\u00ea para inscrever-se em uma visita. Publicado em: 08\/05\/2025 Cursos Alinhados com ODS: Cursos da ESAFAZ-PE est\u00e3o alinhados aos Objetivos de Desenvolvimento Sustent\u00e1vel ... Ler mais\" \/>\r\n<meta property=\"og:url\" content=\"https:\/\/esafaz.sefaz.pe.gov.br\/\" \/>\r\n<meta property=\"og:site_name\" content=\"Site Esafaz\" \/>\r\n<meta property=\"article:modified_time\" content=\"2026-04-29T12:54:40+00:00\" \/>\r\n<meta property=\"og:image\" content=\"https:\/\/esafaz.sefaz.pe.gov.br\/wp-content\/uploads\/2025\/12\/capa-documentario-Memorial-.png\" \/>\r\n<meta name=\"twitter:card\" content=\"summary_large_image\" \/>\r\n<meta name=\"twitter:label1\" content=\"Est. tempo de leitura\" \/>\n\t<meta name=\"twitter:data1\" content=\"7 minutos\" \/>\r\n<script type=\"application\/ld+json\" class=\"yoast-schema-graph\">{\"@context\":\"https:\/\/schema.org\",\"@graph\":[{\"@type\":\"WebPage\",\"@id\":\"https:\/\/esafaz.sefaz.pe.gov.br\/\",\"url\":\"https:\/\/esafaz.sefaz.pe.gov.br\/\",\"name\":\"In\u00edcio - Site Esafaz\",\"isPartOf\":{\"@id\":\"http:\/\/localhost\/#website\"},\"primaryImageOfPage\":{\"@id\":\"https:\/\/esafaz.sefaz.pe.gov.br\/#primaryimage\"},\"image\":{\"@id\":\"https:\/\/esafaz.sefaz.pe.gov.br\/#primaryimage\"},\"thumbnailUrl\":\"https:\/\/esafaz.sefaz.pe.gov.br\/wp-content\/uploads\/2025\/12\/capa-documentario-Memorial-.png\",\"datePublished\":\"2024-04-17T13:38:59+00:00\",\"dateModified\":\"2026-04-29T12:54:40+00:00\",\"breadcrumb\":{\"@id\":\"https:\/\/esafaz.sefaz.pe.gov.br\/#breadcrumb\"},\"inLanguage\":\"pt-BR\",\"potentialAction\":[{\"@type\":\"ReadAction\",\"target\":[\"https:\/\/esafaz.sefaz.pe.gov.br\/\"]}]},{\"@type\":\"ImageObject\",\"inLanguage\":\"pt-BR\",\"@id\":\"https:\/\/esafaz.sefaz.pe.gov.br\/#primaryimage\",\"url\":\"https:\/\/esafaz.sefaz.pe.gov.br\/wp-content\/uploads\/2025\/12\/capa-documentario-Memorial-.png\",\"contentUrl\":\"https:\/\/esafaz.sefaz.pe.gov.br\/wp-content\/uploads\/2025\/12\/capa-documentario-Memorial-.png\",\"width\":1600,\"height\":1020},{\"@type\":\"BreadcrumbList\",\"@id\":\"https:\/\/esafaz.sefaz.pe.gov.br\/#breadcrumb\",\"itemListElement\":[{\"@type\":\"ListItem\",\"position\":1,\"name\":\"In\u00edcio\",\"item\":\"https:\/\/esafaz.sefaz.pe.gov.br\/\"},{\"@type\":\"ListItem\",\"position\":2,\"name\":\"In\u00edcio\"}]},{\"@type\":\"WebSite\",\"@id\":\"http:\/\/localhost\/#website\",\"url\":\"http:\/\/localhost\/\",\"name\":\"Portal Esafaz\",\"description\":\"\",\"publisher\":{\"@id\":\"http:\/\/localhost\/#organization\"},\"potentialAction\":[{\"@type\":\"SearchAction\",\"target\":{\"@type\":\"EntryPoint\",\"urlTemplate\":\"http:\/\/localhost\/?s={search_term_string}\"},\"query-input\":{\"@type\":\"PropertyValueSpecification\",\"valueRequired\":true,\"valueName\":\"search_term_string\"}}],\"inLanguage\":\"pt-BR\"},{\"@type\":\"Organization\",\"@id\":\"http:\/\/localhost\/#organization\",\"name\":\"Portal Esafaz\",\"url\":\"http:\/\/localhost\/\",\"logo\":{\"@type\":\"ImageObject\",\"inLanguage\":\"pt-BR\",\"@id\":\"http:\/\/localhost\/#\/schema\/logo\/image\/\",\"url\":\"https:\/\/portalesafaz.sefaz.pe.gov.br\/wp-content\/uploads\/2024\/04\/icone-esafaz.jpeg\",\"contentUrl\":\"https:\/\/portalesafaz.sefaz.pe.gov.br\/wp-content\/uploads\/2024\/04\/icone-esafaz.jpeg\",\"width\":300,\"height\":300,\"caption\":\"Portal Esafaz\"},\"image\":{\"@id\":\"http:\/\/localhost\/#\/schema\/logo\/image\/\"},\"sameAs\":[\"https:\/\/www.instagram.com\/esafazpe\/\"]}]}<\/script>\r\n<!-- \/ Yoast SEO plugin. -->","yoast_head_json":{"title":"In\u00edcio - Site Esafaz","robots":{"index":"index","follow":"follow","max-snippet":"max-snippet:-1","max-image-preview":"max-image-preview:large","max-video-preview":"max-video-preview:-1"},"canonical":"https:\/\/esafaz.sefaz.pe.gov.br\/","og_locale":"pt_BR","og_type":"article","og_title":"In\u00edcio - Site Esafaz","og_description":"Portal de Not\u00edcias Not\u00edcias Anterior Pr\u00f3ximo Destaques Anivers\u00e1rio ESAFAZ: Nossa Escola completa 34 anos de hist\u00f3ria, aprendizado e muitas transforma\u00e7\u00f5es. Publicado em: 24\/04\/2026 Memorial SEFAZ: Espa\u00e7o est\u00e1 de portas abertas e convida voc\u00ea para inscrever-se em uma visita. Publicado em: 08\/05\/2025 Cursos Alinhados com ODS: Cursos da ESAFAZ-PE est\u00e3o alinhados aos Objetivos de Desenvolvimento Sustent\u00e1vel ... Ler mais","og_url":"https:\/\/esafaz.sefaz.pe.gov.br\/","og_site_name":"Site Esafaz","article_modified_time":"2026-04-29T12:54:40+00:00","og_image":[{"url":"https:\/\/esafaz.sefaz.pe.gov.br\/wp-content\/uploads\/2025\/12\/capa-documentario-Memorial-.png","type":"","width":"","height":""}],"twitter_card":"summary_large_image","twitter_misc":{"Est. tempo de leitura":"7 minutos"},"schema":{"@context":"https:\/\/schema.org","@graph":[{"@type":"WebPage","@id":"https:\/\/esafaz.sefaz.pe.gov.br\/","url":"https:\/\/esafaz.sefaz.pe.gov.br\/","name":"In\u00edcio - Site Esafaz","isPartOf":{"@id":"http:\/\/localhost\/#website"},"primaryImageOfPage":{"@id":"https:\/\/esafaz.sefaz.pe.gov.br\/#primaryimage"},"image":{"@id":"https:\/\/esafaz.sefaz.pe.gov.br\/#primaryimage"},"thumbnailUrl":"https:\/\/esafaz.sefaz.pe.gov.br\/wp-content\/uploads\/2025\/12\/capa-documentario-Memorial-.png","datePublished":"2024-04-17T13:38:59+00:00","dateModified":"2026-04-29T12:54:40+00:00","breadcrumb":{"@id":"https:\/\/esafaz.sefaz.pe.gov.br\/#breadcrumb"},"inLanguage":"pt-BR","potentialAction":[{"@type":"ReadAction","target":["https:\/\/esafaz.sefaz.pe.gov.br\/"]}]},{"@type":"ImageObject","inLanguage":"pt-BR","@id":"https:\/\/esafaz.sefaz.pe.gov.br\/#primaryimage","url":"https:\/\/esafaz.sefaz.pe.gov.br\/wp-content\/uploads\/2025\/12\/capa-documentario-Memorial-.png","contentUrl":"https:\/\/esafaz.sefaz.pe.gov.br\/wp-content\/uploads\/2025\/12\/capa-documentario-Memorial-.png","width":1600,"height":1020},{"@type":"BreadcrumbList","@id":"https:\/\/esafaz.sefaz.pe.gov.br\/#breadcrumb","itemListElement":[{"@type":"ListItem","position":1,"name":"In\u00edcio","item":"https:\/\/esafaz.sefaz.pe.gov.br\/"},{"@type":"ListItem","position":2,"name":"In\u00edcio"}]},{"@type":"WebSite","@id":"http:\/\/localhost\/#website","url":"http:\/\/localhost\/","name":"Portal Esafaz","description":"","publisher":{"@id":"http:\/\/localhost\/#organization"},"potentialAction":[{"@type":"SearchAction","target":{"@type":"EntryPoint","urlTemplate":"http:\/\/localhost\/?s={search_term_string}"},"query-input":{"@type":"PropertyValueSpecification","valueRequired":true,"valueName":"search_term_string"}}],"inLanguage":"pt-BR"},{"@type":"Organization","@id":"http:\/\/localhost\/#organization","name":"Portal Esafaz","url":"http:\/\/localhost\/","logo":{"@type":"ImageObject","inLanguage":"pt-BR","@id":"http:\/\/localhost\/#\/schema\/logo\/image\/","url":"https:\/\/portalesafaz.sefaz.pe.gov.br\/wp-content\/uploads\/2024\/04\/icone-esafaz.jpeg","contentUrl":"https:\/\/portalesafaz.sefaz.pe.gov.br\/wp-content\/uploads\/2024\/04\/icone-esafaz.jpeg","width":300,"height":300,"caption":"Portal Esafaz"},"image":{"@id":"http:\/\/localhost\/#\/schema\/logo\/image\/"},"sameAs":["https:\/\/www.instagram.com\/esafazpe\/"]}]}},"jetpack_sharing_enabled":true,"_links":{"self":[{"href":"https:\/\/esafaz.sefaz.pe.gov.br\/index.php\/wp-json\/wp\/v2\/pages\/79"}],"collection":[{"href":"https:\/\/esafaz.sefaz.pe.gov.br\/index.php\/wp-json\/wp\/v2\/pages"}],"about":[{"href":"https:\/\/esafaz.sefaz.pe.gov.br\/index.php\/wp-json\/wp\/v2\/types\/page"}],"author":[{"embeddable":true,"href":"https:\/\/esafaz.sefaz.pe.gov.br\/index.php\/wp-json\/wp\/v2\/users\/1"}],"replies":[{"embeddable":true,"href":"https:\/\/esafaz.sefaz.pe.gov.br\/index.php\/wp-json\/wp\/v2\/comments?post=79"}],"version-history":[{"count":1016,"href":"https:\/\/esafaz.sefaz.pe.gov.br\/index.php\/wp-json\/wp\/v2\/pages\/79\/revisions"}],"predecessor-version":[{"id":5858,"href":"https:\/\/esafaz.sefaz.pe.gov.br\/index.php\/wp-json\/wp\/v2\/pages\/79\/revisions\/5858"}],"wp:attachment":[{"href":"https:\/\/esafaz.sefaz.pe.gov.br\/index.php\/wp-json\/wp\/v2\/media?parent=79"}],"curies":[{"name":"wp","href":"https:\/\/api.w.org\/{rel}","templated":true}]}}