{"id":5538,"date":"2025-12-01T12:32:55","date_gmt":"2025-12-01T15:32:55","guid":{"rendered":"https:\/\/esafaz.sefaz.pe.gov.br\/?page_id=5538"},"modified":"2025-12-01T12:36:15","modified_gmt":"2025-12-01T15:36:15","slug":"documentario-ronda-da-memoria","status":"publish","type":"page","link":"https:\/\/esafaz.sefaz.pe.gov.br\/index.php\/documentario-ronda-da-memoria\/","title":{"rendered":"Document\u00e1rio Ronda da Mem\u00f3ria &#8211; Not\u00edcias"},"content":{"rendered":"\n<\/br><\/br><h1>Document\u00e1rio Ronda da Mem\u00f3ria<\/h1><\/br>\n\n\n\n<figure class=\"wp-block-image size-large\"><img fetchpriority=\"high\" decoding=\"async\" width=\"1024\" height=\"653\" src=\"https:\/\/esafaz.sefaz.pe.gov.br\/wp-content\/uploads\/2025\/12\/capa-documentario-Memorial--1024x653.png\" alt=\"\" class=\"wp-image-5539\" srcset=\"https:\/\/esafaz.sefaz.pe.gov.br\/wp-content\/uploads\/2025\/12\/capa-documentario-Memorial--1024x653.png 1024w, https:\/\/esafaz.sefaz.pe.gov.br\/wp-content\/uploads\/2025\/12\/capa-documentario-Memorial--300x191.png 300w, https:\/\/esafaz.sefaz.pe.gov.br\/wp-content\/uploads\/2025\/12\/capa-documentario-Memorial--768x490.png 768w, https:\/\/esafaz.sefaz.pe.gov.br\/wp-content\/uploads\/2025\/12\/capa-documentario-Memorial--1536x979.png 1536w, https:\/\/esafaz.sefaz.pe.gov.br\/wp-content\/uploads\/2025\/12\/capa-documentario-Memorial-.png 1600w\" sizes=\"(max-width: 1024px) 100vw, 1024px\" \/><\/figure>\n\n\n\n<p><\/p>\n\n\n\n<p>Document\u00e1rio \u201cRonda da Mem\u00f3ria\u201d est\u00e1 dispon\u00edvel no Portal Esafaz<\/p>\n\n\n\n<p>Toda institui\u00e7\u00e3o carrega hist\u00f3rias que merecem ser lembradas \u2014 e a nossa \u00e9 feita de gente. O document\u00e1rio \u201cRonda da Mem\u00f3ria\u201d, exibido durante a celebra\u00e7\u00e3o dos 2 anos do Espa\u00e7o Memorial Sefaz, apresenta relatos de servidores que marcaram diferentes \u00e9pocas da Secretaria da Fazenda.<\/p>\n\n\n\n<p>Em uma narrativa leve e afetiva, o document\u00e1rio re\u00fane mem\u00f3rias, causos e conquistas que revelam o papel das pessoas na constru\u00e7\u00e3o da hist\u00f3ria tribut\u00e1ria de Pernambuco.<\/p>\n\n\n\n<p>Agora, o document\u00e1rio est\u00e1 dispon\u00edvel para todos no Portal Esafaz, na aba de Educa\u00e7\u00e3o Fiscal, dentro da se\u00e7\u00e3o Conte\u00fados.<\/p>\n\n\n\n<p>D\u00ea o play e conhe\u00e7a hist\u00f3rias que fazem parte da trajet\u00f3ria da Sefaz \u2014 e do nosso estado.<\/p>\n\n\n\n<figure class=\"wp-block-embed is-type-wp-embed is-provider-site-esafaz wp-block-embed-site-esafaz\"><div class=\"wp-block-embed__wrapper\">\n<blockquote class=\"wp-embedded-content\" data-secret=\"IHGxMApHNC\"><a href=\"https:\/\/esafaz.sefaz.pe.gov.br\/index.php\/documentario-ronda-da-memoria-conteudo\/\">Document\u00e1rio Ronda da Mem\u00f3ria &#8211; Conte\u00fado<\/a><\/blockquote><iframe class=\"wp-embedded-content\" sandbox=\"allow-scripts\" security=\"restricted\" style=\"position: absolute; visibility: hidden;\" title=\"&#8220;Document\u00e1rio Ronda da Mem\u00f3ria &#8211; Conte\u00fado&#8221; &#8212; Site Esafaz\" src=\"https:\/\/esafaz.sefaz.pe.gov.br\/index.php\/documentario-ronda-da-memoria-conteudo\/embed\/#?secret=sac8MT8DrS#?secret=IHGxMApHNC\" data-secret=\"IHGxMApHNC\" width=\"600\" height=\"338\" frameborder=\"0\" marginwidth=\"0\" marginheight=\"0\" scrolling=\"no\"><\/iframe>\n<\/div><\/figure>\n\n\n\n<\/br><\/br><\/br>\n\n\n\n<p><\/p>\n","protected":false},"excerpt":{"rendered":"<p>Document\u00e1rio Ronda da Mem\u00f3ria Document\u00e1rio \u201cRonda da Mem\u00f3ria\u201d est\u00e1 dispon\u00edvel no Portal Esafaz Toda institui\u00e7\u00e3o carrega hist\u00f3rias que merecem ser lembradas \u2014 e a nossa \u00e9 feita de gente. O document\u00e1rio \u201cRonda da Mem\u00f3ria\u201d, exibido durante a celebra\u00e7\u00e3o dos 2 anos do Espa\u00e7o Memorial Sefaz, apresenta relatos de servidores que marcaram diferentes \u00e9pocas da Secretaria &#8230; <a title=\"Document\u00e1rio Ronda da Mem\u00f3ria &#8211; Not\u00edcias\" class=\"read-more\" href=\"https:\/\/esafaz.sefaz.pe.gov.br\/index.php\/documentario-ronda-da-memoria\/\" aria-label=\"Read more about Document\u00e1rio Ronda da Mem\u00f3ria &#8211; Not\u00edcias\">Ler mais<\/a><\/p>\n","protected":false},"author":1,"featured_media":0,"parent":0,"menu_order":0,"comment_status":"closed","ping_status":"closed","template":"","meta":{"inline_featured_image":false,"courseId":0,"footnotes":""},"class_list":["post-5538","page","type-page","status-publish"],"yoast_head":"<!-- This site is optimized with the Yoast SEO plugin v25.1 - https:\/\/yoast.com\/wordpress\/plugins\/seo\/ -->\r\n<title>Document\u00e1rio Ronda da Mem\u00f3ria - Not\u00edcias - Site Esafaz<\/title>\r\n<meta name=\"robots\" content=\"index, follow, max-snippet:-1, max-image-preview:large, max-video-preview:-1\" \/>\r\n<link rel=\"canonical\" href=\"https:\/\/esafaz.sefaz.pe.gov.br\/index.php\/documentario-ronda-da-memoria\/\" \/>\r\n<meta property=\"og:locale\" content=\"pt_BR\" \/>\r\n<meta property=\"og:type\" content=\"article\" \/>\r\n<meta property=\"og:title\" content=\"Document\u00e1rio Ronda da Mem\u00f3ria - Not\u00edcias - Site Esafaz\" \/>\r\n<meta property=\"og:description\" content=\"Document\u00e1rio Ronda da Mem\u00f3ria Document\u00e1rio \u201cRonda da Mem\u00f3ria\u201d est\u00e1 dispon\u00edvel no Portal Esafaz Toda institui\u00e7\u00e3o carrega hist\u00f3rias que merecem ser lembradas \u2014 e a nossa \u00e9 feita de gente. O document\u00e1rio \u201cRonda da Mem\u00f3ria\u201d, exibido durante a celebra\u00e7\u00e3o dos 2 anos do Espa\u00e7o Memorial Sefaz, apresenta relatos de servidores que marcaram diferentes \u00e9pocas da Secretaria ... Ler mais\" \/>\r\n<meta property=\"og:url\" content=\"https:\/\/esafaz.sefaz.pe.gov.br\/index.php\/documentario-ronda-da-memoria\/\" \/>\r\n<meta property=\"og:site_name\" content=\"Site Esafaz\" \/>\r\n<meta property=\"article:modified_time\" content=\"2025-12-01T15:36:15+00:00\" \/>\r\n<meta property=\"og:image\" content=\"https:\/\/esafaz.sefaz.pe.gov.br\/wp-content\/uploads\/2025\/12\/capa-documentario-Memorial-.png\" \/>\r\n\t<meta property=\"og:image:width\" content=\"1600\" \/>\r\n\t<meta property=\"og:image:height\" content=\"1020\" \/>\r\n\t<meta property=\"og:image:type\" content=\"image\/png\" \/>\r\n<meta name=\"twitter:card\" content=\"summary_large_image\" \/>\r\n<meta name=\"twitter:label1\" content=\"Est. tempo de leitura\" \/>\n\t<meta name=\"twitter:data1\" content=\"1 minuto\" \/>\r\n<script type=\"application\/ld+json\" class=\"yoast-schema-graph\">{\"@context\":\"https:\/\/schema.org\",\"@graph\":[{\"@type\":\"WebPage\",\"@id\":\"https:\/\/esafaz.sefaz.pe.gov.br\/index.php\/documentario-ronda-da-memoria\/\",\"url\":\"https:\/\/esafaz.sefaz.pe.gov.br\/index.php\/documentario-ronda-da-memoria\/\",\"name\":\"Document\u00e1rio Ronda da Mem\u00f3ria - Not\u00edcias - Site Esafaz\",\"isPartOf\":{\"@id\":\"http:\/\/localhost\/#website\"},\"primaryImageOfPage\":{\"@id\":\"https:\/\/esafaz.sefaz.pe.gov.br\/index.php\/documentario-ronda-da-memoria\/#primaryimage\"},\"image\":{\"@id\":\"https:\/\/esafaz.sefaz.pe.gov.br\/index.php\/documentario-ronda-da-memoria\/#primaryimage\"},\"thumbnailUrl\":\"https:\/\/esafaz.sefaz.pe.gov.br\/wp-content\/uploads\/2025\/12\/capa-documentario-Memorial--1024x653.png\",\"datePublished\":\"2025-12-01T15:32:55+00:00\",\"dateModified\":\"2025-12-01T15:36:15+00:00\",\"breadcrumb\":{\"@id\":\"https:\/\/esafaz.sefaz.pe.gov.br\/index.php\/documentario-ronda-da-memoria\/#breadcrumb\"},\"inLanguage\":\"pt-BR\",\"potentialAction\":[{\"@type\":\"ReadAction\",\"target\":[\"https:\/\/esafaz.sefaz.pe.gov.br\/index.php\/documentario-ronda-da-memoria\/\"]}]},{\"@type\":\"ImageObject\",\"inLanguage\":\"pt-BR\",\"@id\":\"https:\/\/esafaz.sefaz.pe.gov.br\/index.php\/documentario-ronda-da-memoria\/#primaryimage\",\"url\":\"https:\/\/esafaz.sefaz.pe.gov.br\/wp-content\/uploads\/2025\/12\/capa-documentario-Memorial-.png\",\"contentUrl\":\"https:\/\/esafaz.sefaz.pe.gov.br\/wp-content\/uploads\/2025\/12\/capa-documentario-Memorial-.png\",\"width\":1600,\"height\":1020},{\"@type\":\"BreadcrumbList\",\"@id\":\"https:\/\/esafaz.sefaz.pe.gov.br\/index.php\/documentario-ronda-da-memoria\/#breadcrumb\",\"itemListElement\":[{\"@type\":\"ListItem\",\"position\":1,\"name\":\"In\u00edcio\",\"item\":\"https:\/\/esafaz.sefaz.pe.gov.br\/\"},{\"@type\":\"ListItem\",\"position\":2,\"name\":\"Document\u00e1rio Ronda da Mem\u00f3ria &#8211; Not\u00edcias\"}]},{\"@type\":\"WebSite\",\"@id\":\"http:\/\/localhost\/#website\",\"url\":\"http:\/\/localhost\/\",\"name\":\"Portal Esafaz\",\"description\":\"\",\"publisher\":{\"@id\":\"http:\/\/localhost\/#organization\"},\"potentialAction\":[{\"@type\":\"SearchAction\",\"target\":{\"@type\":\"EntryPoint\",\"urlTemplate\":\"http:\/\/localhost\/?s={search_term_string}\"},\"query-input\":{\"@type\":\"PropertyValueSpecification\",\"valueRequired\":true,\"valueName\":\"search_term_string\"}}],\"inLanguage\":\"pt-BR\"},{\"@type\":\"Organization\",\"@id\":\"http:\/\/localhost\/#organization\",\"name\":\"Portal Esafaz\",\"url\":\"http:\/\/localhost\/\",\"logo\":{\"@type\":\"ImageObject\",\"inLanguage\":\"pt-BR\",\"@id\":\"http:\/\/localhost\/#\/schema\/logo\/image\/\",\"url\":\"https:\/\/portalesafaz.sefaz.pe.gov.br\/wp-content\/uploads\/2024\/04\/icone-esafaz.jpeg\",\"contentUrl\":\"https:\/\/portalesafaz.sefaz.pe.gov.br\/wp-content\/uploads\/2024\/04\/icone-esafaz.jpeg\",\"width\":300,\"height\":300,\"caption\":\"Portal Esafaz\"},\"image\":{\"@id\":\"http:\/\/localhost\/#\/schema\/logo\/image\/\"},\"sameAs\":[\"https:\/\/www.instagram.com\/esafazpe\/\"]}]}<\/script>\r\n<!-- \/ Yoast SEO plugin. -->","yoast_head_json":{"title":"Document\u00e1rio Ronda da Mem\u00f3ria - Not\u00edcias - Site Esafaz","robots":{"index":"index","follow":"follow","max-snippet":"max-snippet:-1","max-image-preview":"max-image-preview:large","max-video-preview":"max-video-preview:-1"},"canonical":"https:\/\/esafaz.sefaz.pe.gov.br\/index.php\/documentario-ronda-da-memoria\/","og_locale":"pt_BR","og_type":"article","og_title":"Document\u00e1rio Ronda da Mem\u00f3ria - Not\u00edcias - Site Esafaz","og_description":"Document\u00e1rio Ronda da Mem\u00f3ria Document\u00e1rio \u201cRonda da Mem\u00f3ria\u201d est\u00e1 dispon\u00edvel no Portal Esafaz Toda institui\u00e7\u00e3o carrega hist\u00f3rias que merecem ser lembradas \u2014 e a nossa \u00e9 feita de gente. O document\u00e1rio \u201cRonda da Mem\u00f3ria\u201d, exibido durante a celebra\u00e7\u00e3o dos 2 anos do Espa\u00e7o Memorial Sefaz, apresenta relatos de servidores que marcaram diferentes \u00e9pocas da Secretaria ... Ler mais","og_url":"https:\/\/esafaz.sefaz.pe.gov.br\/index.php\/documentario-ronda-da-memoria\/","og_site_name":"Site Esafaz","article_modified_time":"2025-12-01T15:36:15+00:00","og_image":[{"width":1600,"height":1020,"url":"https:\/\/esafaz.sefaz.pe.gov.br\/wp-content\/uploads\/2025\/12\/capa-documentario-Memorial-.png","type":"image\/png"}],"twitter_card":"summary_large_image","twitter_misc":{"Est. tempo de leitura":"1 minuto"},"schema":{"@context":"https:\/\/schema.org","@graph":[{"@type":"WebPage","@id":"https:\/\/esafaz.sefaz.pe.gov.br\/index.php\/documentario-ronda-da-memoria\/","url":"https:\/\/esafaz.sefaz.pe.gov.br\/index.php\/documentario-ronda-da-memoria\/","name":"Document\u00e1rio Ronda da Mem\u00f3ria - Not\u00edcias - Site Esafaz","isPartOf":{"@id":"http:\/\/localhost\/#website"},"primaryImageOfPage":{"@id":"https:\/\/esafaz.sefaz.pe.gov.br\/index.php\/documentario-ronda-da-memoria\/#primaryimage"},"image":{"@id":"https:\/\/esafaz.sefaz.pe.gov.br\/index.php\/documentario-ronda-da-memoria\/#primaryimage"},"thumbnailUrl":"https:\/\/esafaz.sefaz.pe.gov.br\/wp-content\/uploads\/2025\/12\/capa-documentario-Memorial--1024x653.png","datePublished":"2025-12-01T15:32:55+00:00","dateModified":"2025-12-01T15:36:15+00:00","breadcrumb":{"@id":"https:\/\/esafaz.sefaz.pe.gov.br\/index.php\/documentario-ronda-da-memoria\/#breadcrumb"},"inLanguage":"pt-BR","potentialAction":[{"@type":"ReadAction","target":["https:\/\/esafaz.sefaz.pe.gov.br\/index.php\/documentario-ronda-da-memoria\/"]}]},{"@type":"ImageObject","inLanguage":"pt-BR","@id":"https:\/\/esafaz.sefaz.pe.gov.br\/index.php\/documentario-ronda-da-memoria\/#primaryimage","url":"https:\/\/esafaz.sefaz.pe.gov.br\/wp-content\/uploads\/2025\/12\/capa-documentario-Memorial-.png","contentUrl":"https:\/\/esafaz.sefaz.pe.gov.br\/wp-content\/uploads\/2025\/12\/capa-documentario-Memorial-.png","width":1600,"height":1020},{"@type":"BreadcrumbList","@id":"https:\/\/esafaz.sefaz.pe.gov.br\/index.php\/documentario-ronda-da-memoria\/#breadcrumb","itemListElement":[{"@type":"ListItem","position":1,"name":"In\u00edcio","item":"https:\/\/esafaz.sefaz.pe.gov.br\/"},{"@type":"ListItem","position":2,"name":"Document\u00e1rio Ronda da Mem\u00f3ria &#8211; Not\u00edcias"}]},{"@type":"WebSite","@id":"http:\/\/localhost\/#website","url":"http:\/\/localhost\/","name":"Portal Esafaz","description":"","publisher":{"@id":"http:\/\/localhost\/#organization"},"potentialAction":[{"@type":"SearchAction","target":{"@type":"EntryPoint","urlTemplate":"http:\/\/localhost\/?s={search_term_string}"},"query-input":{"@type":"PropertyValueSpecification","valueRequired":true,"valueName":"search_term_string"}}],"inLanguage":"pt-BR"},{"@type":"Organization","@id":"http:\/\/localhost\/#organization","name":"Portal Esafaz","url":"http:\/\/localhost\/","logo":{"@type":"ImageObject","inLanguage":"pt-BR","@id":"http:\/\/localhost\/#\/schema\/logo\/image\/","url":"https:\/\/portalesafaz.sefaz.pe.gov.br\/wp-content\/uploads\/2024\/04\/icone-esafaz.jpeg","contentUrl":"https:\/\/portalesafaz.sefaz.pe.gov.br\/wp-content\/uploads\/2024\/04\/icone-esafaz.jpeg","width":300,"height":300,"caption":"Portal Esafaz"},"image":{"@id":"http:\/\/localhost\/#\/schema\/logo\/image\/"},"sameAs":["https:\/\/www.instagram.com\/esafazpe\/"]}]}},"jetpack_sharing_enabled":true,"_links":{"self":[{"href":"https:\/\/esafaz.sefaz.pe.gov.br\/index.php\/wp-json\/wp\/v2\/pages\/5538"}],"collection":[{"href":"https:\/\/esafaz.sefaz.pe.gov.br\/index.php\/wp-json\/wp\/v2\/pages"}],"about":[{"href":"https:\/\/esafaz.sefaz.pe.gov.br\/index.php\/wp-json\/wp\/v2\/types\/page"}],"author":[{"embeddable":true,"href":"https:\/\/esafaz.sefaz.pe.gov.br\/index.php\/wp-json\/wp\/v2\/users\/1"}],"replies":[{"embeddable":true,"href":"https:\/\/esafaz.sefaz.pe.gov.br\/index.php\/wp-json\/wp\/v2\/comments?post=5538"}],"version-history":[{"count":2,"href":"https:\/\/esafaz.sefaz.pe.gov.br\/index.php\/wp-json\/wp\/v2\/pages\/5538\/revisions"}],"predecessor-version":[{"id":5544,"href":"https:\/\/esafaz.sefaz.pe.gov.br\/index.php\/wp-json\/wp\/v2\/pages\/5538\/revisions\/5544"}],"wp:attachment":[{"href":"https:\/\/esafaz.sefaz.pe.gov.br\/index.php\/wp-json\/wp\/v2\/media?parent=5538"}],"curies":[{"name":"wp","href":"https:\/\/api.w.org\/{rel}","templated":true}]}}